{"id":892,"date":"2018-10-24T05:41:26","date_gmt":"2018-10-24T05:41:26","guid":{"rendered":"http:\/\/www.carp-omenia.ro\/?page_id=892"},"modified":"2018-10-24T05:41:26","modified_gmt":"2018-10-24T05:41:26","slug":"nota-de-informare-privind-prelucrarea-datelor-cu-caracter-personal-prin-mijloace-video","status":"publish","type":"page","link":"https:\/\/www.carp-omenia.ro\/index.php\/despre-noi\/prelucrarea-datelor-cu-caracter-personal\/nota-de-informare-privind-prelucrarea-datelor-cu-caracter-personal-prin-mijloace-video\/","title":{"rendered":"NOTA DE INFORMARE  PRIVIND PRELUCRAREA DATELOR CU CARACTER  PERSONAL  PRIN MIJLOACE VIDEO"},"content":{"rendered":"<p><strong>1<\/strong>. <strong>Scopul prelucr\u0103rii prin mijloace video<\/strong><\/p>\n<p><strong>\u00a0\u00a0\u00a0\u00a0\u00a0\u00a0\u00a0\u00a0\u00a0\u00a0\u00a0\u00a0\u00a0\u00a0\u00a0 <\/strong>Asocia\u0163ia C.A.R.P. \u201eOMENIA\u201d Bucure\u015fti, inclusiv punctele de lucru ale acesteia, prelucreaz\u0103 date cu caracter personal, respectiv imaginea, prin intermediul sistemelor video \u00een scopul <em>monitoriz\u0103rii accesului persoanelor \u00een institu\u0163ie<\/em>, <em>al asigur\u0103rii securit\u0103\u0163ii spa\u0163iilor \u015fi bunurilor institu\u0163iei<\/em>, <em>precum \u015fi al siguran\u0163ei persoanelor aflate \u00een sediul institu\u0163iei.<\/em><\/p>\n<p><strong><em>\u00a0\u00a0\u00a0\u00a0\u00a0\u00a0\u00a0\u00a0\u00a0\u00a0\u00a0\u00a0\u00a0\u00a0\u00a0 \u00centruc\u00e2t prelucrarea datelor cu caracter personal (imaginea) prin intermediul mijloacelor de supraveghere video are un caracter obligatoriu, refuzul persoanei de a furniza datele respective determin\u0103 anularea accesului acesteia \u00een sediile\/punctele de lucru ale \u00a0Asocia\u0163iei C.A.R.P. \u201eOMENIA\u201d Bucure\u015fti. <\/em><\/strong><\/p>\n<p><strong>2. Condi\u0163ii de legitimitate<\/strong><\/p>\n<p>Prelucrarea datelor cu caracter personal prin utilizarea mijloacelor de supraveghere video, instalarea \u015fi utilizarea sub aspect tehnic a echipamentelor \u015fi elementelor componente ale sistemului de supraveghere video se realizeaz\u0103\u00a0 \u00een conformitate cu prevederile legale \u00een domeniu:<\/p>\n<p>&#8211; Regulamentul nr. 679\/2016 privind protec\u0163ia persoanelor \u00een ceea ce prive\u015fte prelucrarea datelor cu caracter personal \u015fi libera circula\u0163ie a acestor date \u015fi de abrogare a Directivei 95\/46\/CE (Regulamentul general privind protec\u0163ia datelor &#8211; RGPD);<\/p>\n<p>&#8211; Legea nr.333\/2003 privind paza obiectivelor, bunurilor, valorilor \u015fi protec\u0163ia persoanelor, republicat\u0103, cu modific\u0103rile \u015fi complet\u0103rile ulterioare,<\/p>\n<p>&#8211; Normele metodologice de aplicare a Legii nr. 333\/2003, aprobate prin HG nr. 301\/2012, cu modific\u0103rile \u015fi complet\u0103rile ulterioare.<\/p>\n<p>&nbsp;<\/p>\n<p><strong>3<\/strong>. <strong>Zonele monitorizate<\/strong><\/p>\n<p><strong>\u00a0\u00a0\u00a0\u00a0\u00a0\u00a0\u00a0\u00a0\u00a0\u00a0\u00a0\u00a0\u00a0\u00a0\u00a0 <\/strong>Amplasarea camerelor de supraveghere a fost realizat\u0103 \u00een conformitate cu legisla\u0163ia \u00een vigoare \u015fi \u00een baza proiectelor tehnice elaborate de societ\u0103\u0163i specializate \u015fi avizate de I.G.P.R..<\/p>\n<p>Nu sunt monitorizate zonele \u00een care exist\u0103 un nivel ridicat al a\u015ftept\u0103rilor privind via\u0163a privat\u0103 (birouri \u00een care publicul nu are\u00a0 acces, toalete \u015fi alte loca\u0163ii similare). \u00cen mod excep\u0163ional, \u00een cazul unor necesit\u0103\u0163i \u00een materie de securitate justificate \u00een mod corespunz\u0103tor, se pot instala camere \u00een birourile \u00een care angaja\u0163ii \u00ee\u015fi desf\u0103\u015foar\u0103 activitatea, \u00eens\u0103 numai dup\u0103 efectuarea unei evalu\u0103ri de impact \u015fi dup\u0103 informarea Responsabilului cu protec\u0163ia datelor.<\/p>\n<p>Se supravegheaz\u0103 prin mijloace video:<\/p>\n<p>&#8211; zonele de acces \u015fi spa\u0163iile destinate publicului;<\/p>\n<p>&#8211; zonele cu acces restric\u0163ionat;<\/p>\n<p>&#8211; zonele de acces \u00een incinta sediilor Asocia\u0163iei C.A.R.P. \u201eOMENIA\u201d Bucure\u015fti, inclusiv punctele de lucru.<\/p>\n<p>&nbsp;<\/p>\n<p><strong>4<\/strong>. <strong>Transparen\u0163\u0103 \u015fi informare<\/strong><\/p>\n<p>Asocia\u0163ia C.A.R.P. \u201eOMENIA\u201d Bucure\u015fti furnizeaz\u0103 persoanelor care intr\u0103 \u00een zona supravegheat\u0103 \u00a0video informa\u0163iile prev\u0103zute de art. 13 din Regulamentul general privind protec\u0163ia datelor.<\/p>\n<p>\u00cen acest sens,\u00a0 informa\u0163iile prev\u0103zute la art. 13 din RGPD, av\u00e2nd al\u0103turat\u0103 pictograma aferent\u0103, sunt aduse la cuno\u015ftin\u0163a persoanelor vizate \u00een mod clar \u015fi permanent, prin intermediul unei Note de informare postat\u0103 la intrarea in sediile\/punctele de lucru monitorizate, pozi\u0163ionata la o distan\u0163\u0103 rezonabil\u0103 de locul unde sunt amplasate echipamentele de supraveghere, astfel \u00eenc\u00e2t s\u0103 poat\u0103 fi v\u0103zuta de orice persoan\u0103.<\/p>\n<p>&nbsp;<\/p>\n<p><strong>5<\/strong>. <strong>Protejarea vie\u0163ii private \u015fi securitatea informa\u0163iilor<\/strong><\/p>\n<p><strong>\u00a0\u00a0\u00a0\u00a0\u00a0\u00a0\u00a0\u00a0\u00a0\u00a0\u00a0\u00a0\u00a0\u00a0\u00a0 <\/strong>Pentru a proteja securitatea sistemului video \u015fi pentru a spori gradul de protec\u0163ie a vie\u0163ii, au fost introduse urm\u0103toarele m\u0103suri tehnice \u015fi organizatorice:<\/p>\n<p>&#8211; limitarea timpului de stocare a materialului filmat, \u00een conformitate cu cerin\u0163ele de securitate;<\/p>\n<p>&#8211; mediile de stocare se afl\u0103 \u00een spa\u0163ii securizate;<\/p>\n<p>&#8211; responsabilul cu protec\u0163ia datelor personale va fi consultat \u00eenainte de instalarea oric\u0103rui nou sistem video.<\/p>\n<p>&nbsp;<\/p>\n<p><strong>6. Accesul la datele cu caracter personal colectate prin intermediul sistemului de supraveghere video<\/strong><\/p>\n<p>Accesul la materialul filmat \u015fi\/sau la arhitectura tehnic\u0103 a sistemului video este limitat la un num\u0103r redus de persoane.<\/p>\n<p>Sistemul de supraveghere video nu este utilizat pentru verificarea prezen\u0163ei la program sau evaluarea performan\u0163ei la locul de munc\u0103.<\/p>\n<p>\u00cen cazuri excep\u0163ionale, dar cu respectarea garan\u0163iilor descrise mai sus, se poate acorda acces Comisiei de cercetare disciplinar\u0103, desemnat\u0103 de Pre\u015fedintele Asocia\u0163iei, \u00een cadrul unei anchete disciplinare, cu condi\u0163ia ca informa\u0163iile s\u0103 ajute la investigarea unei infrac\u0163iuni sau a unei abateri disciplinare de natur\u0103 s\u0103 prejudicieze drepturile \u015fi libert\u0103\u0163ile unei persoane.<\/p>\n<p>&nbsp;<\/p>\n<p><strong>7. Dezv\u0103luirea datelor cu caracter personal colectate prin intermediul sistemului de supraveghere video<\/strong><\/p>\n<p>Orice activitate de transfer \u015fi dezv\u0103luire a datelor personale c\u0103tre ter\u0163i va fi documentat\u0103 \u015fi supus\u0103 unei evalu\u0103ri riguroase privind necesitatea comunic\u0103rii \u015fi compatibilitatea dintre scopul \u00een care se face comunicarea \u015fi scopul \u00een care aceste date au fost colectate ini\u0163ial pentru prelucrare. \u00cen aceste cazuri va fi consultat \u015fi Responsabilul cu protec\u0163ia datelor desemnat la nivelul Asocia\u0163iei.<\/p>\n<p>Imaginile \u00eenregistrate prin intermediul sistemului de supraveghere video instalat \u00een sediul\/punctele de lucru ale Asocia\u0163iei C.A.R.P. \u201eOMENIA\u201d Bucure\u015fti pot fi puse la dispozi\u0163ia organelor judiciare, la cererea expres\u0103 a acestora.<\/p>\n<p>Datele cu caracter personal, prelucrate prin utilizarea mijloacelor de supraveghere video NU vor fi transferate \u00een str\u0103in\u0103tate.<\/p>\n<p>&nbsp;<\/p>\n<p><strong>8. Durata de stocare<\/strong><\/p>\n<p><strong>\u00a0\u00a0\u00a0\u00a0\u00a0\u00a0\u00a0\u00a0\u00a0\u00a0\u00a0\u00a0\u00a0\u00a0\u00a0 <\/strong>Durata de stocare a datelor ob\u0163inute prin intermediul sistemului de supraveghere video este propor\u0163ional\u0103 cu scopul pentru care se prelucreaz\u0103 datele, astfel c\u0103 imaginile sunt stocate pentru o perioad\u0103 care nu dep\u0103\u015fe\u015fte 20 de zile, cu excep\u0163ia situa\u0163iilor expres reglementate de lege sau a cazurilor temeinic justificate.<\/p>\n<p>La expirarea perioadei de stocare datele se \u015fterg prin procedur\u0103 automat\u0103 \u00een ordinea \u00een care au fost \u00eenregistrate.<\/p>\n<p>&nbsp;<\/p>\n<p><strong>9. Drepturile persoanei vizate<\/strong><\/p>\n<p><strong>\u00a0\u00a0\u00a0\u00a0\u00a0\u00a0\u00a0\u00a0\u00a0\u00a0\u00a0\u00a0\u00a0\u00a0\u00a0 <\/strong>Asocia\u0163ia C.A.R.P. \u201eOMENIA\u201d Bucure\u015fti garanteaz\u0103 c\u0103 asigur\u0103 respectarea drepturilor ce revin persoanelor vizate, conform Regulamentului nr. 679\/2016 privind protec\u0163ia persoanelor fizice \u00een ceea ce prive\u015fte prelucrarea datelor cu caracter personal \u015fi privind libera circula\u0163ie a acestor date \u015fi de abrogare a Directivei 95\/46\/CE.<\/p>\n<p>\u00cen conformitate cu dispozi\u0163iile Regulamentului nr. 679\/2016 persoana vizat\u0103 are urm\u0103toarele drepturi:<\/p>\n<p>&#8211; dreptul de acces,<\/p>\n<p>&#8211; dreptul la rectificare,<\/p>\n<p>&#8211; dreptul la \u015ftergerea datelor (\u2033dreptul de a fi uitat\u2033),<\/p>\n<p>&#8211; dreptul la restric\u0163ionarea prelucr\u0103rii,<\/p>\n<p>&#8211; dreptul la portabilitatea datelor,<\/p>\n<p>&#8211; dreptul la opozi\u0163ie,<\/p>\n<p>&#8211; dreptul de a nu face obiectul unei decizii bazate exclusiv pe prelucrare automat\u0103, inclusiv crearea de profiluri.<\/p>\n<p>Pentru exercitarea drepturilor men\u0163ionate mai sus persoana vizat\u0103 trebuie s\u0103 transmit\u0103 o cerere \u00een form\u0103 scris\u0103, datat\u0103 si semnata, la adresa:<\/p>\n<p><strong>\u00a0\u00a0\u00a0\u00a0\u00a0\u00a0\u00a0\u00a0\u00a0\u00a0\u00a0\u00a0\u00a0\u00a0\u00a0 Asocia\u0163ia C.A.R.P. \u201eOMENIA\u201d Bucure\u015fti<\/strong><\/p>\n<p><strong>\u00a0\u00a0\u00a0\u00a0\u00a0\u00a0\u00a0\u00a0\u00a0\u00a0\u00a0\u00a0\u00a0\u00a0\u00a0 Bucure\u015fti, str. Amurgului, nr. 53, sector 5<\/strong><\/p>\n<p><strong>\u00a0\u00a0\u00a0\u00a0\u00a0\u00a0\u00a0\u00a0\u00a0\u00a0\u00a0\u00a0\u00a0\u00a0\u00a0 Cod po\u015ftal: 051983<\/strong><\/p>\n<p><strong>\u00a0\u00a0\u00a0\u00a0\u00a0\u00a0\u00a0\u00a0\u00a0\u00a0\u00a0\u00a0\u00a0\u00a0\u00a0 e-mail: <\/strong><a href=\"mailto:rpd@carp-omenia.ro\"><strong>rpd@carp-omenia.ro<\/strong><\/a><\/p>\n<p><strong>sau<\/strong> poate depune cererea personal, fie la sediul Asocia\u0163iei C.A.R.P. \u201eOMENIA\u201d Bucure\u015fti, fie la unul din punctele de lucru ale Asocia\u0163iei.<\/p>\n<p>Pentru informa\u0163ii suplimentare pute\u0163i contacta Responsabilul cu protec\u0163ia datelor la num\u0103rul de telefon <strong>0752.001.414<\/strong> sau la adresa de e-mail: <strong>rpd@carp-omenia.ro.<\/strong><\/p>\n<p><strong>\u00a0\u00a0\u00a0\u00a0\u00a0\u00a0\u00a0\u00a0\u00a0\u00a0\u00a0\u00a0\u00a0\u00a0\u00a0 Preciz\u0103m faptul c\u0103 exercitarea drepturilor este gratuit\u0103 pentru o singura solicitare \u00een cursul unui an.<\/strong><\/p>\n<p>De asemenea, potrivit Regulamentului general privind protec\u0163ia datelor, persoana vizat\u0103 are dreptul de a depune pl\u00e2ngere (art. 77 din RGPD) la <strong>Autoritatea Na\u0163ional\u0103 de Supraveghere a Prelucr\u0103rii Datelor cu Caracter Personal<\/strong>la sediul acesteia din B-dul G-ral Gheorghe Magheru nr. 28-30, sector1, Bucure\u015fti, cod po\u015ftal 0103336, e-mail:\u00a0<a href=\"mailto:anspdcp@dataprotection.ro\">anspdcp@dataprotection.ro<\/a>\u00a0\u00a0\u00a0 sau de a se adresa justi\u0163iei (art. 79 din RGPD).<\/p>\n","protected":false},"excerpt":{"rendered":"<p>1. Scopul prelucr\u0103rii prin mijloace video \u00a0\u00a0\u00a0\u00a0\u00a0\u00a0\u00a0\u00a0\u00a0\u00a0\u00a0\u00a0\u00a0\u00a0\u00a0 Asocia\u0163ia C.A.R.P. \u201eOMENIA\u201d  [&#8230;]<\/p>\n","protected":false},"author":1,"featured_media":0,"parent":888,"menu_order":0,"comment_status":"closed","ping_status":"closed","template":"","meta":{"_monsterinsights_skip_tracking":false,"_monsterinsights_sitenote_active":false,"_monsterinsights_sitenote_note":"","_monsterinsights_sitenote_category":0,"footnotes":""},"class_list":["post-892","page","type-page","status-publish","hentry"],"_links":{"self":[{"href":"https:\/\/www.carp-omenia.ro\/index.php\/wp-json\/wp\/v2\/pages\/892","targetHints":{"allow":["GET"]}}],"collection":[{"href":"https:\/\/www.carp-omenia.ro\/index.php\/wp-json\/wp\/v2\/pages"}],"about":[{"href":"https:\/\/www.carp-omenia.ro\/index.php\/wp-json\/wp\/v2\/types\/page"}],"author":[{"embeddable":true,"href":"https:\/\/www.carp-omenia.ro\/index.php\/wp-json\/wp\/v2\/users\/1"}],"replies":[{"embeddable":true,"href":"https:\/\/www.carp-omenia.ro\/index.php\/wp-json\/wp\/v2\/comments?post=892"}],"version-history":[{"count":1,"href":"https:\/\/www.carp-omenia.ro\/index.php\/wp-json\/wp\/v2\/pages\/892\/revisions"}],"predecessor-version":[{"id":893,"href":"https:\/\/www.carp-omenia.ro\/index.php\/wp-json\/wp\/v2\/pages\/892\/revisions\/893"}],"up":[{"embeddable":true,"href":"https:\/\/www.carp-omenia.ro\/index.php\/wp-json\/wp\/v2\/pages\/888"}],"wp:attachment":[{"href":"https:\/\/www.carp-omenia.ro\/index.php\/wp-json\/wp\/v2\/media?parent=892"}],"curies":[{"name":"wp","href":"https:\/\/api.w.org\/{rel}","templated":true}]}}