{"id":869,"date":"2018-05-24T21:06:25","date_gmt":"2018-05-24T21:06:25","guid":{"rendered":"http:\/\/www.carp-omenia.ro\/?page_id=869"},"modified":"2018-10-24T05:42:05","modified_gmt":"2018-10-24T05:42:05","slug":"informare-privind-prelucrarea-datelor-cu-caracter-personal","status":"publish","type":"page","link":"https:\/\/www.carp-omenia.ro\/index.php\/despre-noi\/prelucrarea-datelor-cu-caracter-personal\/informare-privind-prelucrarea-datelor-cu-caracter-personal\/","title":{"rendered":"INFORMARE  PRIVIND PRELUCRAREA DATELOR CU CARACTER PERSONAL"},"content":{"rendered":"<p><strong>Asocia\u0163ia C.A.R.P. \u201eOMENIA\u201d Bucure\u015fti (denumit\u0103 \u00een continuare Asocia\u0163ia)<\/strong>, cu sediul social \u00een Bucure\u015fti, str. Amurgului, nr. 53, Sector 5, cod fiscal 4629845, <strong>prelucreaz\u0103 datele dumneavoastr\u0103 personale<\/strong>, <strong>\u00een calitate de operator<\/strong>, \u00een conformitate cu Regulamentul (UE) 2016\/679 (GDPR) \u015fi legisla\u0163ia na\u0163ional\u0103 \u00een vigoare, \u00een urm\u0103toarele <strong>scopuri<\/strong>:<\/p>\n<ul>\n<li>Prestarea serviciilor sociale \u015fi financiare asigurate de Asocia\u0163ie;<\/li>\n<li>Solu\u0163ionarea oric\u0103ror cereri \u015fi \/sau reclama\u0163ii cu privire la serviciile prestate;<\/li>\n<\/ul>\n<p><strong>Temeiul juridic <\/strong>al prelucr\u0103rii \u00eel constituie, pe de o parte \u00eencheierea \u015fi executarea contractelor de \u00eemprumut \u015fi, pe de alt\u0103 parte, interesul legitim al Asocia\u0163iei de a-\u015fi \u00eembun\u0103t\u0103\u0163i gama de servicii, de a \u0163ine \u00een permanen\u0163\u0103 membrii informa\u0163i cu privire la evenimentele \u015fi promo\u0163iile sale, de a-\u015fi fideliza membrii \u015fi a le raspl\u0103ti fidelitatea.<\/p>\n<p>Datele cu caracter personal vor fi colectate, prelucrate \u015fi stocate <strong>pe durata \u00een care ave\u0163i calitatea de: salariat, membru, poten\u0163ial membru, garant, <\/strong><strong>pe baza consim\u0163am\u00e2ntului liber exprimat, \u00een cuno\u015ftin\u0163\u0103 de cauz\u0103, pe baz\u0103 de semn\u0103tur\u0103. <\/strong><strong>Datele cu caracter personal arhivate se pastreaz\u0103 pe duratele prev\u0103zute de legislatia \u00een vigoare.<\/strong><\/p>\n<p>Datele cu caracter personal pot fi dezv\u0103luite partenerilor contractuali din Rom\u00e2nia \u015fi autorit\u0103\u0163ilor publice \u00eendrituite, conform legisla\u0163iei \u00een vigoare.<\/p>\n<p>\u00cen ceea ce prive\u015fte datele dumneavoastr\u0103 personale ave\u0163i drepturile enumerate mai jos, pe care le pute\u0163i exercita printr-o cerere scris\u0103, adresat\u0103 Asocia\u0163iei, astfel:<\/p>\n<ol>\n<li><strong> Dreptul de a cere <\/strong>Asocia\u0163iei<strong> accesul la aceste date<\/strong><strong>. <\/strong>Ave\u0163i dreptul de a ob\u0163ine de la Asocia\u0163ie o confirmare c\u0103 se prelucreaz\u0103 sau nu date cu caracter personal care v\u0103 privesc \u015fi, \u00een caz afirmativ, ave\u0163i acces la datele respective \u015fi la urm\u0103toarele informa\u0163ii: ce date prelucr\u0103m, \u00een ce scop, dac\u0103 acestea au fost divulgate ter\u0163ilor \u015fi cui, precum \u015fi perioada de stocare a acestor date. V\u0103 vom reinforma, de asemenea, cu privire la drepturile pe care le ave\u0163i \u00een ce prive\u015fte datale personale, drepturi detaliate \u00een aceast\u0103 informare. Ave\u0163i dreptul de a primi gratuit o copie a datelor cu caracter personal ce fac obiectul prelucr\u0103rii. Pentru orice alte copii solicitate, ne rezerv\u0103m dreptul de a percepe o tax\u0103. Pute\u0163i solicita comunicarea informa\u0163iilor de mai sus \u00een format electronic, situa\u0163ie \u00een care datele vor fi furnizate \u00eentr-un format electronic utilizat de noi \u00een mod curent, cu excep\u0163ia cazului \u00een care solicita\u0163i comunicarea acestora \u00een alt format;<\/li>\n<li><strong> Dreptul de a cere <\/strong>Asocia\u0163iei<strong> rectificarea datelor<\/strong>. Ave\u0163i dreptul de a ob\u0163ine, f\u0103r\u0103 \u00eent\u00e2rzieri nejustificate rectificarea datelor cu caracter personal inexacte care v\u0103 privesc \u015fi\/sau de a ob\u0163ine completarea datelor cu caracter personal care sunt incomplete, inclusiv prin furnizarea unei declara\u0163ii suplimentare;<\/li>\n<li><strong>3<\/strong>. <strong>Dreptul de a cere <\/strong>Asocia\u0163iei<strong> \u015ftergerea datelor<\/strong><strong>.<\/strong> Ave\u0163i dreptul de a cere Asocia\u0163iei \u015ftergerea datelor personale care v\u0103 privesc, f\u0103r\u0103 \u00eent\u00e2rzieri nejustificate, iar Asocia\u0163ia are obliga\u0163ia de a \u015fterge datele cu caracter personal care v\u0103 privesc, \u00een cazul \u00een care se aplic\u0103 unul din urm\u0103toarele motive:<\/li>\n<\/ol>\n<ul>\n<li>Datele cu caracter personal nu sunt necesare pentru \u00eendeplinirea scopurilor pentru care au fost colectate sau prelucrate;<\/li>\n<li>V\u0103 exercita\u0163i dreptul de opozi\u0163ie, \u00een condi\u0163iile descrise la dreptul de opozi\u0163ie \u015fi nu exist\u0103 motive legitime care s\u0103 prevaleze \u00een ceea ce prive\u015fte prelucrarea;<\/li>\n<li>V\u0103 exercita\u0163i dreptul de opozi\u0163ie cu privire la utilizarea datelor dvs. \u00een alte scopuri nedeclarate de Asocia\u0163ie;<\/li>\n<li>Datele cu caracter personal au fost prelucrate ilegal;<\/li>\n<li>Datele personale trebuie \u015fterse pentru respectarea unei obliga\u0163ii legale a operatorului \u00een temeiul legislatiei europene sau na\u0163ionale;<\/li>\n<\/ul>\n<ol start=\"4\">\n<li><strong> Dreptul de a cere Asocia\u0163iei restric\u0163ionarea prelucr\u0103rii<\/strong><strong>. <\/strong>Aveti dreptul de a ob\u0163ine din partea noastr\u0103 restric\u0163ionarea prelucr\u0103rii datelor cu caracter personal, \u00een urm\u0103toarele condi\u0163ii:<\/li>\n<\/ol>\n<ul>\n<li>Dac\u0103 contesta\u0163i exactitatea datelor prelucrate, pentru o perioada care s\u0103 ne permit\u0103 s\u0103 verific\u0103m exactitatea datelor;<\/li>\n<li>Dac\u0103 prelucrarea este ilegal\u0103 \u015fi nu v-a\u0163i exercitat dreptul de \u015ftergere, ave\u0163i dreptul de a solicita restric\u0163ionarea prelucr\u0103rii;<\/li>\n<li>Dac\u0103 operatorul nu mai are nevoie de datele cu caracter personal \u00een scopul prelucr\u0103rii, dar le solicita\u0163i pentru constatarea, exercitarea sau ap\u0103rarea unui drept \u00een instan\u0163\u0103;<\/li>\n<li>\u00cen cazul \u00een care v-a\u0163i opus la prelucrare, pe perioada pe care se verific\u0103 dac\u0103 drepturile legitime ale operatorului prevaleaz\u0103 asupra celor ale persoanei vizate;<\/li>\n<\/ul>\n<p>\u00cen cazul \u00een care a\u0163i ob\u0163inut restric\u0163ionarea prelucr\u0103rii v\u0103 vom informa \u00eenainte de ridicarea restric\u0163iei.<\/p>\n<ol start=\"5\">\n<li><strong> Dreptul la opozi\u0163ie<\/strong><strong>. <\/strong>\u00cen orice moment ave\u0163i dreptul din motive legate de situa\u0163ia particular\u0103 \u00een care v\u0103 afla\u0163i, de a v\u0103 opune prelucr\u0103rii datelor dumneavoastr\u0103 personale. Nu vom mai prelucra datele dumneavoastr\u0103 cu excep\u0163ia cazului \u00een care avem motive legitime \u015fi imperioase, pe care le vom dovedi, care justific\u0103 prelucrarea \u015fi care prevaleaz\u0103 asupra intereselor drepturilor \u015fi libert\u0103\u0163ilor dumneavoastr\u0103 sau dac\u0103 scopul prelucr\u0103rii este constatarea, exercitarea sau ap\u0103rarea unui drept \u00een instan\u0163\u0103.<\/li>\n<\/ol>\n<p>Atunci c\u00e2nd v\u0103 opune\u0163i prelucr\u0103rii, \u00een condi\u0163iile de mai sus, datele cu caracter personal nu mai sunt prelucrate.<\/p>\n<ol start=\"6\">\n<li><strong> Dreptul de a depune o pl\u00e2ngere \u00een fa\u0163a autorit\u0103\u0163ii na\u0163ionale de supraveghere<\/strong><strong>. Se exercit\u0103 <\/strong>\u00een cazul \u00een care considera\u0163i c\u0103 prelucrarea datelor dumneavoastr\u0103 cu caracter personal \u00eencalc\u0103 Regulamentul (UE) 2016\/679 (GDPR) \u015fi legisla\u0163ia na\u0163ional\u0103 \u00een vigoare.<\/li>\n<\/ol>\n<p>&nbsp;<\/p>\n<p><strong>\u00a0\u00a0\u00a0\u00a0\u00a0\u00a0\u00a0\u00a0\u00a0 Asocia\u0163ia, potrivit prevederilor RGPD 379\/2006\/UE a desemnat Responsabilul cu Protec\u0163ia Datelor care poate fi contactat la adresa de mail: <\/strong><a href=\"mailto:rpd@carp-omenia.ro\">rpd@carp-omenia.ro<\/a><strong> sau la telefon: 0752.001.414.<\/strong><\/p>\n","protected":false},"excerpt":{"rendered":"<p>Asocia\u0163ia C.A.R.P. \u201eOMENIA\u201d Bucure\u015fti (denumit\u0103 \u00een continuare Asocia\u0163ia), cu sediul  [&#8230;]<\/p>\n","protected":false},"author":1,"featured_media":0,"parent":888,"menu_order":0,"comment_status":"closed","ping_status":"closed","template":"","meta":{"_monsterinsights_skip_tracking":false,"_monsterinsights_sitenote_active":false,"_monsterinsights_sitenote_note":"","_monsterinsights_sitenote_category":0,"footnotes":""},"class_list":["post-869","page","type-page","status-publish","hentry"],"_links":{"self":[{"href":"https:\/\/www.carp-omenia.ro\/index.php\/wp-json\/wp\/v2\/pages\/869","targetHints":{"allow":["GET"]}}],"collection":[{"href":"https:\/\/www.carp-omenia.ro\/index.php\/wp-json\/wp\/v2\/pages"}],"about":[{"href":"https:\/\/www.carp-omenia.ro\/index.php\/wp-json\/wp\/v2\/types\/page"}],"author":[{"embeddable":true,"href":"https:\/\/www.carp-omenia.ro\/index.php\/wp-json\/wp\/v2\/users\/1"}],"replies":[{"embeddable":true,"href":"https:\/\/www.carp-omenia.ro\/index.php\/wp-json\/wp\/v2\/comments?post=869"}],"version-history":[{"count":1,"href":"https:\/\/www.carp-omenia.ro\/index.php\/wp-json\/wp\/v2\/pages\/869\/revisions"}],"predecessor-version":[{"id":870,"href":"https:\/\/www.carp-omenia.ro\/index.php\/wp-json\/wp\/v2\/pages\/869\/revisions\/870"}],"up":[{"embeddable":true,"href":"https:\/\/www.carp-omenia.ro\/index.php\/wp-json\/wp\/v2\/pages\/888"}],"wp:attachment":[{"href":"https:\/\/www.carp-omenia.ro\/index.php\/wp-json\/wp\/v2\/media?parent=869"}],"curies":[{"name":"wp","href":"https:\/\/api.w.org\/{rel}","templated":true}]}}